{"id":443,"date":"2024-02-16T14:14:53","date_gmt":"2024-02-16T14:14:53","guid":{"rendered":"https:\/\/www.eecmr.com\/?page_id=443"},"modified":"2024-02-28T10:58:47","modified_gmt":"2024-02-28T10:58:47","slug":"blog-2","status":"publish","type":"page","link":"https:\/\/www.eecmr.com\/en\/blog-2\/","title":{"rendered":"Blog"},"content":{"rendered":"<div data-elementor-type=\"wp-page\" data-elementor-id=\"443\" class=\"elementor elementor-443\" data-elementor-post-type=\"page\">\n\t\t\t\t<div class=\"elementor-element elementor-element-f26ff59 e-flex e-con-boxed e-con e-parent\" data-id=\"f26ff59\" data-element_type=\"container\" data-settings=\"{&quot;background_background&quot;:&quot;classic&quot;,&quot;shape_divider_bottom&quot;:&quot;opacity-fan&quot;}\">\n\t\t\t\t\t<div class=\"e-con-inner\">\n\t\t\t\t<div class=\"elementor-shape elementor-shape-bottom\" aria-hidden=\"true\" data-negative=\"false\">\n\t\t\t<svg xmlns=\"http:\/\/www.w3.org\/2000\/svg\" viewbox=\"0 0 283.5 19.6\" preserveaspectratio=\"none\">\n\t<path class=\"elementor-shape-fill\" style=\"opacity:0.33\" d=\"M0 0L0 18.8 141.8 4.1 283.5 18.8 283.5 0z\"\/>\n\t<path class=\"elementor-shape-fill\" style=\"opacity:0.33\" d=\"M0 0L0 12.6 141.8 4 283.5 12.6 283.5 0z\"\/>\n\t<path class=\"elementor-shape-fill\" style=\"opacity:0.33\" d=\"M0 0L0 6.4 141.8 4 283.5 6.4 283.5 0z\"\/>\n\t<path class=\"elementor-shape-fill\" d=\"M0 0L0 1.2 141.8 4 283.5 1.2 283.5 0z\"\/>\n<\/svg>\t\t<\/div>\n\t\t\t\t<div class=\"elementor-element elementor-element-e89e6d4 elementor-widget elementor-widget-heading\" data-id=\"e89e6d4\" data-element_type=\"widget\" data-widget_type=\"heading.default\">\n\t\t\t\t<div class=\"elementor-widget-container\">\n\t\t\t\t\t<h2 class=\"elementor-heading-title elementor-size-default\">BLOG<\/h2>\t\t\t\t<\/div>\n\t\t\t\t<\/div>\n\t\t\t\t\t<\/div>\n\t\t\t\t<\/div>\n\t\t<div class=\"elementor-element elementor-element-13cc862 e-flex e-con-boxed e-con e-parent\" data-id=\"13cc862\" data-element_type=\"container\">\n\t\t\t\t\t<div class=\"e-con-inner\">\n\t\t\t\t<div class=\"elementor-element elementor-element-ba997a0 meta-visibility-show title_position_default title_hover_border_default title-default img_hover_animation_default meta_position_default tpg-is-author-icon-show author-image-visibility-icon tpg-category-position-default readmore-btn-default-style grid-hover-overlay-type-always tpg-el-box-border-enable tpg-border-bottom-disable elementor-widget elementor-widget-tpg-grid-layout\" data-id=\"ba997a0\" data-element_type=\"widget\" data-widget_type=\"tpg-grid-layout.default\">\n\t\t\t\t<div class=\"elementor-widget-container\">\n\t\t\t\t\t\t\t<div class=\"rt-container-fluid rt-tpg-container tpg-el-main-wrapper clearfix grid-layout4-main\"\n\t\t\t id=\"rt-tpg-container-2441803296\"\n\t\t\t data-layout=\"grid-layout4\"\n\t\t\t data-grid-style=\"tpg-full-height\"\n\t\t\t data-sc-id=\"elementor\"\n\t\t\t data-el-settings=''\n\t\t\t data-el-query=''\n\t\t\t data-el-path=''\n\t\t>\n\t\t\t\t\t\t<div class='tpg-header-wrapper'>\n\t\t\t\t\t\t\t<\/div>\n\n\t\t\t<div data-title=\"Loading ...\" class=\"rt-row rt-content-loader grid-layout4 grid-behaviour tpg-full-height grid_layout_wrapper\">\n\t\t\t\t\n<div class=\"rt-col-md-4 rt-col-sm-6 rt-col-xs-12 default rt-grid-item\" data-id=\"1396\">\n\t<div class=\"rt-holder tpg-post-holder\">\n\t\t<div class=\"rt-detail rt-el-content-wrapper\">\n\t\t\t\t\t\t\t<div class=\"rt-img-holder tpg-el-image-wrap has-no-thumbnail\">\n\t\t\t\t\t<a data-id=\"1396\" href=\"https:\/\/www.eecmr.com\/en\/2026\/04\/27\/ces-hommes-qui-ont-marque-lhistoire-de-leglise-evangelique-du-cameroun-1962-1977-pasteur-elie-mondjo\/\" class=\"tpg-post-link\" target=\"_self\">        \n        <\/a>\n                <div class=\"overlay grid-hover-content\"><\/div>\n        \t\t\t\t<\/div>\n\t\t\t\n\t\t\t<div class=\"entry-title-wrapper\">        <div class=\"tpg-separate-category style1 top_left cat-above-title\">\n\t\t\t<span class='categories-links'>\n\t\t\t\n            <a class=\"blog\" href=\"https:\/\/www.eecmr.com\/en\/category\/blog\/\">Blog<\/a>\t\t\t<\/span>\n        <\/div>\n        <h3 class=\"entry-title\"><a data-id=\"1396\" href=\"https:\/\/www.eecmr.com\/en\/2026\/04\/27\/ces-hommes-qui-ont-marque-lhistoire-de-leglise-evangelique-du-cameroun-1962-1977-pasteur-elie-mondjo\/\" class=\"tpg-post-link\" target=\"_self\">Ces hommes qui ont marqu\u00e9 l\u2019histoire de l\u2019\u00c9glise \u00c9vang\u00e9lique du Cameroun : 1962-1977, Pasteur Elie MONDJO<\/a><\/h3><\/div>\n\t\t\t\t\t\t\t<div class=\"post-meta-tags rt-el-post-meta\">\n\t\t\t\t\t            <span class='author'>\n\n\t\t\t\t<i class='fa fa-user'><\/i><span class='author-prefix'>By<\/span><a href=\"https:\/\/www.eecmr.com\/en\/author\/alex\/\">ALEX<\/a>\t\t\t<\/span>\n                        <span class='date'>\n\t\t\t\t<i class='far fa-calendar-alt'><\/i>                                    <a href=\"https:\/\/www.eecmr.com\/en\/2026\/04\/27\/\">\n\t\t\t\t\tApril 27, 2026\t\t\t\t<\/a>\n                \t\t\t<\/span>\n                        <span class='categories-links'>\n\t\t\t\t<i class='fas fa-folder-open'><\/i><a class=\"blog\" href=\"https:\/\/www.eecmr.com\/en\/category\/blog\/\">Blog<\/a>\t\t\t<\/span>\n            \t\t\t\t<\/div>\n\t\t\t\n\t\t\t\t\t\t\t<div class=\"tpg-excerpt tpg-el-excerpt\">\n\t\t\t\t\t\t\t\t\t\t\t<div class=\"tpg-excerpt-inner\">\n\t\t\t\t\t\t\tDans la continuit\u00e9 de son enracinement et de son affirmation, l\u2019\u00c9glise \u00c9vang\u00e9lique du Cameroun a connu, entre 1962 et 1977, une \u00e9tape d\u00e9terminante sous la conduite du Pasteur Elie MONDJO. Succ\u00e9dant \u00e0...\t\t\t\t\t\t<\/div>\n\t\t\t\t\t\t\t\t\t\t\t\t\t\t<\/div>\n\t\t\t\n\t\t\t        <div class=\"post-footer\">\n            <div class=\"post-footer\">\n                <div class=\"read-more\">\n                    <a data-id=\"1396\" href=\"https:\/\/www.eecmr.com\/en\/2026\/04\/27\/ces-hommes-qui-ont-marque-lhistoire-de-leglise-evangelique-du-cameroun-1962-1977-pasteur-elie-mondjo\/\" class=\"tpg-post-link\" target=\"_self\">Read More<\/a>                <\/div>\n            <\/div>\n        <\/div>\n        \t\t<\/div>\n\t<\/div>\n<\/div>\n\n<div class=\"rt-col-md-4 rt-col-sm-6 rt-col-xs-12 default rt-grid-item\" data-id=\"1393\">\n\t<div class=\"rt-holder tpg-post-holder\">\n\t\t<div class=\"rt-detail rt-el-content-wrapper\">\n\t\t\t\t\t\t\t<div class=\"rt-img-holder tpg-el-image-wrap has-no-thumbnail\">\n\t\t\t\t\t<a data-id=\"1393\" href=\"https:\/\/www.eecmr.com\/en\/2026\/04\/24\/rencontre-fraternelle-entre-leec-et-luebc\/\" class=\"tpg-post-link\" target=\"_self\">        \n        <\/a>\n                <div class=\"overlay grid-hover-content\"><\/div>\n        \t\t\t\t<\/div>\n\t\t\t\n\t\t\t<div class=\"entry-title-wrapper\">        <div class=\"tpg-separate-category style1 top_left cat-above-title\">\n\t\t\t<span class='categories-links'>\n\t\t\t\n            <a class=\"uncategorized\" href=\"https:\/\/www.eecmr.com\/en\/category\/uncategorized\/\">Uncategorized<\/a>\t\t\t<\/span>\n        <\/div>\n        <h3 class=\"entry-title\"><a data-id=\"1393\" href=\"https:\/\/www.eecmr.com\/en\/2026\/04\/24\/rencontre-fraternelle-entre-leec-et-luebc\/\" class=\"tpg-post-link\" target=\"_self\">Rencontre fraternelle entre l\u2019EEC et l\u2019UEBC<\/a><\/h3><\/div>\n\t\t\t\t\t\t\t<div class=\"post-meta-tags rt-el-post-meta\">\n\t\t\t\t\t            <span class='author'>\n\n\t\t\t\t<i class='fa fa-user'><\/i><span class='author-prefix'>By<\/span><a href=\"https:\/\/www.eecmr.com\/en\/author\/alex\/\">ALEX<\/a>\t\t\t<\/span>\n                        <span class='date'>\n\t\t\t\t<i class='far fa-calendar-alt'><\/i>                                    <a href=\"https:\/\/www.eecmr.com\/en\/2026\/04\/24\/\">\n\t\t\t\t\tApril 24, 2026\t\t\t\t<\/a>\n                \t\t\t<\/span>\n                        <span class='categories-links'>\n\t\t\t\t<i class='fas fa-folder-open'><\/i><a class=\"uncategorized\" href=\"https:\/\/www.eecmr.com\/en\/category\/uncategorized\/\">Uncategorized<\/a>\t\t\t<\/span>\n            \t\t\t\t<\/div>\n\t\t\t\n\t\t\t\t\t\t\t<div class=\"tpg-excerpt tpg-el-excerpt\">\n\t\t\t\t\t\t\t\t\t\t\t<div class=\"tpg-excerpt-inner\">\n\t\t\t\t\t\t\tCe vendredi 24 avril, le Bureau National de l\u2019\u00c9glise \u00c9vang\u00e9lique du Cameroun (EEC) a re\u00e7u le nouveau bureau national de l\u2019Union des \u00c9glises Baptistes du Cameroun (UEBC), dans une atmosph\u00e8re empreinte...\t\t\t\t\t\t<\/div>\n\t\t\t\t\t\t\t\t\t\t\t\t\t\t<\/div>\n\t\t\t\n\t\t\t        <div class=\"post-footer\">\n            <div class=\"post-footer\">\n                <div class=\"read-more\">\n                    <a data-id=\"1393\" href=\"https:\/\/www.eecmr.com\/en\/2026\/04\/24\/rencontre-fraternelle-entre-leec-et-luebc\/\" class=\"tpg-post-link\" target=\"_self\">Read More<\/a>                <\/div>\n            <\/div>\n        <\/div>\n        \t\t<\/div>\n\t<\/div>\n<\/div>\n\n<div class=\"rt-col-md-4 rt-col-sm-6 rt-col-xs-12 default rt-grid-item\" data-id=\"1390\">\n\t<div class=\"rt-holder tpg-post-holder\">\n\t\t<div class=\"rt-detail rt-el-content-wrapper\">\n\t\t\t\t\t\t\t<div class=\"rt-img-holder tpg-el-image-wrap has-no-thumbnail\">\n\t\t\t\t\t<a data-id=\"1390\" href=\"https:\/\/www.eecmr.com\/en\/2026\/04\/22\/ces-hommes-qui-ont-marque-lhistoire-de-leglise-evangelique-du-cameroun-1957-1962-pasteur-paul-jocki\/\" class=\"tpg-post-link\" target=\"_self\">        \n        <\/a>\n                <div class=\"overlay grid-hover-content\"><\/div>\n        \t\t\t\t<\/div>\n\t\t\t\n\t\t\t<div class=\"entry-title-wrapper\">        <div class=\"tpg-separate-category style1 top_left cat-above-title\">\n\t\t\t<span class='categories-links'>\n\t\t\t\n            <a class=\"uncategorized\" href=\"https:\/\/www.eecmr.com\/en\/category\/uncategorized\/\">Uncategorized<\/a>\t\t\t<\/span>\n        <\/div>\n        <h3 class=\"entry-title\"><a data-id=\"1390\" href=\"https:\/\/www.eecmr.com\/en\/2026\/04\/22\/ces-hommes-qui-ont-marque-lhistoire-de-leglise-evangelique-du-cameroun-1957-1962-pasteur-paul-jocki\/\" class=\"tpg-post-link\" target=\"_self\">Ces hommes qui ont marqu\u00e9 l\u2019histoire de l\u2019\u00c9glise \u00c9vang\u00e9lique du Cameroun : 1957-1962, Pasteur Paul JOCKI<\/a><\/h3><\/div>\n\t\t\t\t\t\t\t<div class=\"post-meta-tags rt-el-post-meta\">\n\t\t\t\t\t            <span class='author'>\n\n\t\t\t\t<i class='fa fa-user'><\/i><span class='author-prefix'>By<\/span><a href=\"https:\/\/www.eecmr.com\/en\/author\/alex\/\">ALEX<\/a>\t\t\t<\/span>\n                        <span class='date'>\n\t\t\t\t<i class='far fa-calendar-alt'><\/i>                                    <a href=\"https:\/\/www.eecmr.com\/en\/2026\/04\/22\/\">\n\t\t\t\t\tApril 22, 2026\t\t\t\t<\/a>\n                \t\t\t<\/span>\n                        <span class='categories-links'>\n\t\t\t\t<i class='fas fa-folder-open'><\/i><a class=\"uncategorized\" href=\"https:\/\/www.eecmr.com\/en\/category\/uncategorized\/\">Uncategorized<\/a>\t\t\t<\/span>\n            \t\t\t\t<\/div>\n\t\t\t\n\t\t\t\t\t\t\t<div class=\"tpg-excerpt tpg-el-excerpt\">\n\t\t\t\t\t\t\t\t\t\t\t<div class=\"tpg-excerpt-inner\">\n\t\t\t\t\t\t\t\u00c0 l\u2019aube de son organisation et de sa structuration, l\u2019\u00c9glise \u00c9vang\u00e9lique du Cameroun a pu compter sur des figures fortes, des hommes de foi et de vision qui ont pos\u00e9 les bases de son d\u00e9veloppement...\t\t\t\t\t\t<\/div>\n\t\t\t\t\t\t\t\t\t\t\t\t\t\t<\/div>\n\t\t\t\n\t\t\t        <div class=\"post-footer\">\n            <div class=\"post-footer\">\n                <div class=\"read-more\">\n                    <a data-id=\"1390\" href=\"https:\/\/www.eecmr.com\/en\/2026\/04\/22\/ces-hommes-qui-ont-marque-lhistoire-de-leglise-evangelique-du-cameroun-1957-1962-pasteur-paul-jocki\/\" class=\"tpg-post-link\" target=\"_self\">Read More<\/a>                <\/div>\n            <\/div>\n        <\/div>\n        \t\t<\/div>\n\t<\/div>\n<\/div>\n\n<div class=\"rt-col-md-4 rt-col-sm-6 rt-col-xs-12 default rt-grid-item\" data-id=\"1383\">\n\t<div class=\"rt-holder tpg-post-holder\">\n\t\t<div class=\"rt-detail rt-el-content-wrapper\">\n\t\t\t\t\t\t\t<div class=\"rt-img-holder tpg-el-image-wrap has-no-thumbnail\">\n\t\t\t\t\t<a data-id=\"1383\" href=\"https:\/\/www.eecmr.com\/en\/2026\/04\/17\/3-ans-de-refondation-un-engagement-renouvele-au-service-de-levangile\/\" class=\"tpg-post-link\" target=\"_self\">        \n        <\/a>\n                <div class=\"overlay grid-hover-content\"><\/div>\n        \t\t\t\t<\/div>\n\t\t\t\n\t\t\t<div class=\"entry-title-wrapper\">        <div class=\"tpg-separate-category style1 top_left cat-above-title\">\n\t\t\t<span class='categories-links'>\n\t\t\t\n            <a class=\"uncategorized\" href=\"https:\/\/www.eecmr.com\/en\/category\/uncategorized\/\">Uncategorized<\/a>\t\t\t<\/span>\n        <\/div>\n        <h3 class=\"entry-title\"><a data-id=\"1383\" href=\"https:\/\/www.eecmr.com\/en\/2026\/04\/17\/3-ans-de-refondation-un-engagement-renouvele-au-service-de-levangile\/\" class=\"tpg-post-link\" target=\"_self\">3 ans de Refondation : un engagement renouvel\u00e9 au service de l\u2019\u00c9vangile<\/a><\/h3><\/div>\n\t\t\t\t\t\t\t<div class=\"post-meta-tags rt-el-post-meta\">\n\t\t\t\t\t            <span class='author'>\n\n\t\t\t\t<i class='fa fa-user'><\/i><span class='author-prefix'>By<\/span><a href=\"https:\/\/www.eecmr.com\/en\/author\/alex\/\">ALEX<\/a>\t\t\t<\/span>\n                        <span class='date'>\n\t\t\t\t<i class='far fa-calendar-alt'><\/i>                                    <a href=\"https:\/\/www.eecmr.com\/en\/2026\/04\/17\/\">\n\t\t\t\t\tApril 17, 2026\t\t\t\t<\/a>\n                \t\t\t<\/span>\n                        <span class='categories-links'>\n\t\t\t\t<i class='fas fa-folder-open'><\/i><a class=\"uncategorized\" href=\"https:\/\/www.eecmr.com\/en\/category\/uncategorized\/\">Uncategorized<\/a>\t\t\t<\/span>\n            \t\t\t\t<\/div>\n\t\t\t\n\t\t\t\t\t\t\t<div class=\"tpg-excerpt tpg-el-excerpt\">\n\t\t\t\t\t\t\t\t\t\t\t<div class=\"tpg-excerpt-inner\">\n\t\t\t\t\t\t\t16 avril 2023 \u2013 16 avril 2026 : trois ann\u00e9es d\u00e9j\u00e0 se sont \u00e9coul\u00e9es depuis un moment historique qui a profond\u00e9ment marqu\u00e9 la vie de l\u2019\u00c9glise. C\u2019est en effet le 16 avril 2023, \u00e0 Foumban, que le Bureau...\t\t\t\t\t\t<\/div>\n\t\t\t\t\t\t\t\t\t\t\t\t\t\t<\/div>\n\t\t\t\n\t\t\t        <div class=\"post-footer\">\n            <div class=\"post-footer\">\n                <div class=\"read-more\">\n                    <a data-id=\"1383\" href=\"https:\/\/www.eecmr.com\/en\/2026\/04\/17\/3-ans-de-refondation-un-engagement-renouvele-au-service-de-levangile\/\" class=\"tpg-post-link\" target=\"_self\">Read More<\/a>                <\/div>\n            <\/div>\n        <\/div>\n        \t\t<\/div>\n\t<\/div>\n<\/div>\n\n<div class=\"rt-col-md-4 rt-col-sm-6 rt-col-xs-12 default rt-grid-item\" data-id=\"1378\">\n\t<div class=\"rt-holder tpg-post-holder\">\n\t\t<div class=\"rt-detail rt-el-content-wrapper\">\n\t\t\t\t\t\t\t<div class=\"rt-img-holder tpg-el-image-wrap has-no-thumbnail\">\n\t\t\t\t\t<a data-id=\"1378\" href=\"https:\/\/www.eecmr.com\/en\/2026\/04\/13\/subventions-meu-les-beneficiaires-outilles-pour-une-gestion-efficace-au-premier-semestre-2026\/\" class=\"tpg-post-link\" target=\"_self\">        \n        <\/a>\n                <div class=\"overlay grid-hover-content\"><\/div>\n        \t\t\t\t<\/div>\n\t\t\t\n\t\t\t<div class=\"entry-title-wrapper\">        <div class=\"tpg-separate-category style1 top_left cat-above-title\">\n\t\t\t<span class='categories-links'>\n\t\t\t\n            <a class=\"charity\" href=\"https:\/\/www.eecmr.com\/en\/category\/charity\/\">Charity<\/a>\t\t\t<\/span>\n        <\/div>\n        <h3 class=\"entry-title\"><a data-id=\"1378\" href=\"https:\/\/www.eecmr.com\/en\/2026\/04\/13\/subventions-meu-les-beneficiaires-outilles-pour-une-gestion-efficace-au-premier-semestre-2026\/\" class=\"tpg-post-link\" target=\"_self\">Subventions MEU : les b\u00e9n\u00e9ficiaires outill\u00e9s pour une gestion efficace au premier semestre 2026<\/a><\/h3><\/div>\n\t\t\t\t\t\t\t<div class=\"post-meta-tags rt-el-post-meta\">\n\t\t\t\t\t            <span class='author'>\n\n\t\t\t\t<i class='fa fa-user'><\/i><span class='author-prefix'>By<\/span><a href=\"https:\/\/www.eecmr.com\/en\/author\/alex\/\">ALEX<\/a>\t\t\t<\/span>\n                        <span class='date'>\n\t\t\t\t<i class='far fa-calendar-alt'><\/i>                                    <a href=\"https:\/\/www.eecmr.com\/en\/2026\/04\/13\/\">\n\t\t\t\t\tApril 13, 2026\t\t\t\t<\/a>\n                \t\t\t<\/span>\n                        <span class='categories-links'>\n\t\t\t\t<i class='fas fa-folder-open'><\/i><a class=\"charity\" href=\"https:\/\/www.eecmr.com\/en\/category\/charity\/\">Charity<\/a>\t\t\t<\/span>\n            \t\t\t\t<\/div>\n\t\t\t\n\t\t\t\t\t\t\t<div class=\"tpg-excerpt tpg-el-excerpt\">\n\t\t\t\t\t\t\t\t\t\t\t<div class=\"tpg-excerpt-inner\">\n\t\t\t\t\t\t\tLa Salle des Actes a servi de cadre, le vendredi 10 avril 2026, \u00e0 la r\u00e9union des b\u00e9n\u00e9ficiaires des subventions MEU(Mission Evang\u00e9lique Unie) au titre du premier semestre 2026. Cette rencontre...\t\t\t\t\t\t<\/div>\n\t\t\t\t\t\t\t\t\t\t\t\t\t\t<\/div>\n\t\t\t\n\t\t\t        <div class=\"post-footer\">\n            <div class=\"post-footer\">\n                <div class=\"read-more\">\n                    <a data-id=\"1378\" href=\"https:\/\/www.eecmr.com\/en\/2026\/04\/13\/subventions-meu-les-beneficiaires-outilles-pour-une-gestion-efficace-au-premier-semestre-2026\/\" class=\"tpg-post-link\" target=\"_self\">Read More<\/a>                <\/div>\n            <\/div>\n        <\/div>\n        \t\t<\/div>\n\t<\/div>\n<\/div>\n\n<div class=\"rt-col-md-4 rt-col-sm-6 rt-col-xs-12 default rt-grid-item\" data-id=\"1375\">\n\t<div class=\"rt-holder tpg-post-holder\">\n\t\t<div class=\"rt-detail rt-el-content-wrapper\">\n\t\t\t\t\t\t\t<div class=\"rt-img-holder tpg-el-image-wrap has-no-thumbnail\">\n\t\t\t\t\t<a data-id=\"1375\" href=\"https:\/\/www.eecmr.com\/en\/2026\/04\/13\/mbouo-bandjoun-des-acteurs-de-leducation-formes-a-la-rigueur-administrative\/\" class=\"tpg-post-link\" target=\"_self\">        \n        <\/a>\n                <div class=\"overlay grid-hover-content\"><\/div>\n        \t\t\t\t<\/div>\n\t\t\t\n\t\t\t<div class=\"entry-title-wrapper\">        <div class=\"tpg-separate-category style1 top_left cat-above-title\">\n\t\t\t<span class='categories-links'>\n\t\t\t\n            <a class=\"actu-region\" href=\"https:\/\/www.eecmr.com\/en\/category\/actu-region\/\">actu region<\/a>\t\t\t<\/span>\n        <\/div>\n        <h3 class=\"entry-title\"><a data-id=\"1375\" href=\"https:\/\/www.eecmr.com\/en\/2026\/04\/13\/mbouo-bandjoun-des-acteurs-de-leducation-formes-a-la-rigueur-administrative\/\" class=\"tpg-post-link\" target=\"_self\">Mbouo-Bandjoun : des acteurs de l\u2019\u00e9ducation form\u00e9s \u00e0 la rigueur administrative<\/a><\/h3><\/div>\n\t\t\t\t\t\t\t<div class=\"post-meta-tags rt-el-post-meta\">\n\t\t\t\t\t            <span class='author'>\n\n\t\t\t\t<i class='fa fa-user'><\/i><span class='author-prefix'>By<\/span><a href=\"https:\/\/www.eecmr.com\/en\/author\/alex\/\">ALEX<\/a>\t\t\t<\/span>\n                        <span class='date'>\n\t\t\t\t<i class='far fa-calendar-alt'><\/i>                                    <a href=\"https:\/\/www.eecmr.com\/en\/2026\/04\/13\/\">\n\t\t\t\t\tApril 13, 2026\t\t\t\t<\/a>\n                \t\t\t<\/span>\n                        <span class='categories-links'>\n\t\t\t\t<i class='fas fa-folder-open'><\/i><a class=\"actu-region\" href=\"https:\/\/www.eecmr.com\/en\/category\/actu-region\/\">actu region<\/a>\t\t\t<\/span>\n            \t\t\t\t<\/div>\n\t\t\t\n\t\t\t\t\t\t\t<div class=\"tpg-excerpt tpg-el-excerpt\">\n\t\t\t\t\t\t\t\t\t\t\t<div class=\"tpg-excerpt-inner\">\n\t\t\t\t\t\t\tDu 08 au 10 avril 2026, le Centre Polyvalent de Formation (CPF) de Mbouo Bandjoun, dans la r\u00e9gion synodale du Koung-Khi, a accueilli un important s\u00e9minaire de renforcement des capacit\u00e9s consacr\u00e9 \u00e0 la...\t\t\t\t\t\t<\/div>\n\t\t\t\t\t\t\t\t\t\t\t\t\t\t<\/div>\n\t\t\t\n\t\t\t        <div class=\"post-footer\">\n            <div class=\"post-footer\">\n                <div class=\"read-more\">\n                    <a data-id=\"1375\" href=\"https:\/\/www.eecmr.com\/en\/2026\/04\/13\/mbouo-bandjoun-des-acteurs-de-leducation-formes-a-la-rigueur-administrative\/\" class=\"tpg-post-link\" target=\"_self\">Read More<\/a>                <\/div>\n            <\/div>\n        <\/div>\n        \t\t<\/div>\n\t<\/div>\n<\/div>\n\n<div class=\"rt-col-md-4 rt-col-sm-6 rt-col-xs-12 default rt-grid-item\" data-id=\"1366\">\n\t<div class=\"rt-holder tpg-post-holder\">\n\t\t<div class=\"rt-detail rt-el-content-wrapper\">\n\t\t\t\t\t\t\t<div class=\"rt-img-holder tpg-el-image-wrap has-no-thumbnail\">\n\t\t\t\t\t<a data-id=\"1366\" href=\"https:\/\/www.eecmr.com\/en\/2026\/04\/09\/il-y-a-25-ans-cinq-femmes-entraient-dans-lhistoire-de-leglise-evangelique-du-cameroun\/\" class=\"tpg-post-link\" target=\"_self\">        \n        <\/a>\n                <div class=\"overlay grid-hover-content\"><\/div>\n        \t\t\t\t<\/div>\n\t\t\t\n\t\t\t<div class=\"entry-title-wrapper\">        <div class=\"tpg-separate-category style1 top_left cat-above-title\">\n\t\t\t<span class='categories-links'>\n\t\t\t\n            <a class=\"blog\" href=\"https:\/\/www.eecmr.com\/en\/category\/blog\/\">Blog<\/a>\t\t\t<\/span>\n        <\/div>\n        <h3 class=\"entry-title\"><a data-id=\"1366\" href=\"https:\/\/www.eecmr.com\/en\/2026\/04\/09\/il-y-a-25-ans-cinq-femmes-entraient-dans-lhistoire-de-leglise-evangelique-du-cameroun\/\" class=\"tpg-post-link\" target=\"_self\">Il y a 25 ans, cinq femmes entraient dans l\u2019histoire de l\u2019\u00c9glise \u00c9vang\u00e9lique du Cameroun<\/a><\/h3><\/div>\n\t\t\t\t\t\t\t<div class=\"post-meta-tags rt-el-post-meta\">\n\t\t\t\t\t            <span class='author'>\n\n\t\t\t\t<i class='fa fa-user'><\/i><span class='author-prefix'>By<\/span><a href=\"https:\/\/www.eecmr.com\/en\/author\/alex\/\">ALEX<\/a>\t\t\t<\/span>\n                        <span class='date'>\n\t\t\t\t<i class='far fa-calendar-alt'><\/i>                                    <a href=\"https:\/\/www.eecmr.com\/en\/2026\/04\/09\/\">\n\t\t\t\t\tApril 9, 2026\t\t\t\t<\/a>\n                \t\t\t<\/span>\n                        <span class='categories-links'>\n\t\t\t\t<i class='fas fa-folder-open'><\/i><a class=\"blog\" href=\"https:\/\/www.eecmr.com\/en\/category\/blog\/\">Blog<\/a>\t\t\t<\/span>\n            \t\t\t\t<\/div>\n\t\t\t\n\t\t\t\t\t\t\t<div class=\"tpg-excerpt tpg-el-excerpt\">\n\t\t\t\t\t\t\t\t\t\t\t<div class=\"tpg-excerpt-inner\">\n\t\t\t\t\t\t\tLe 04 mars 2001 constitue une date charni\u00e8re dans l\u2019histoire de l\u2019\u00c9glise \u00c9vang\u00e9lique du Cameroun. Ce jour-l\u00e0, l\u2019institution eccl\u00e9siale \u00e9crivait une nouvelle page de son parcours en consacrant, pour la...\t\t\t\t\t\t<\/div>\n\t\t\t\t\t\t\t\t\t\t\t\t\t\t<\/div>\n\t\t\t\n\t\t\t        <div class=\"post-footer\">\n            <div class=\"post-footer\">\n                <div class=\"read-more\">\n                    <a data-id=\"1366\" href=\"https:\/\/www.eecmr.com\/en\/2026\/04\/09\/il-y-a-25-ans-cinq-femmes-entraient-dans-lhistoire-de-leglise-evangelique-du-cameroun\/\" class=\"tpg-post-link\" target=\"_self\">Read More<\/a>                <\/div>\n            <\/div>\n        <\/div>\n        \t\t<\/div>\n\t<\/div>\n<\/div>\n\n<div class=\"rt-col-md-4 rt-col-sm-6 rt-col-xs-12 default rt-grid-item\" data-id=\"1363\">\n\t<div class=\"rt-holder tpg-post-holder\">\n\t\t<div class=\"rt-detail rt-el-content-wrapper\">\n\t\t\t\t\t\t\t<div class=\"rt-img-holder tpg-el-image-wrap has-no-thumbnail\">\n\t\t\t\t\t<a data-id=\"1363\" href=\"https:\/\/www.eecmr.com\/en\/2026\/04\/08\/63e-synode-general-de-leec-a-mbouda-une-eglise-en-marche-entre-reformes-et-renouveau-missionnaire\/\" class=\"tpg-post-link\" target=\"_self\">        \n        <\/a>\n                <div class=\"overlay grid-hover-content\"><\/div>\n        \t\t\t\t<\/div>\n\t\t\t\n\t\t\t<div class=\"entry-title-wrapper\">        <div class=\"tpg-separate-category style1 top_left cat-above-title\">\n\t\t\t<span class='categories-links'>\n\t\t\t\n            <a class=\"uncategorized\" href=\"https:\/\/www.eecmr.com\/en\/category\/uncategorized\/\">Uncategorized<\/a>\t\t\t<\/span>\n        <\/div>\n        <h3 class=\"entry-title\"><a data-id=\"1363\" href=\"https:\/\/www.eecmr.com\/en\/2026\/04\/08\/63e-synode-general-de-leec-a-mbouda-une-eglise-en-marche-entre-reformes-et-renouveau-missionnaire\/\" class=\"tpg-post-link\" target=\"_self\">63e Synode g\u00e9n\u00e9ral de l\u2019EEC \u00e0 Mbouda : une \u00c9glise en marche, entre r\u00e9formes et renouveau missionnaire<\/a><\/h3><\/div>\n\t\t\t\t\t\t\t<div class=\"post-meta-tags rt-el-post-meta\">\n\t\t\t\t\t            <span class='author'>\n\n\t\t\t\t<i class='fa fa-user'><\/i><span class='author-prefix'>By<\/span><a href=\"https:\/\/www.eecmr.com\/en\/author\/alex\/\">ALEX<\/a>\t\t\t<\/span>\n                        <span class='date'>\n\t\t\t\t<i class='far fa-calendar-alt'><\/i>                                    <a href=\"https:\/\/www.eecmr.com\/en\/2026\/04\/08\/\">\n\t\t\t\t\tApril 8, 2026\t\t\t\t<\/a>\n                \t\t\t<\/span>\n                        <span class='categories-links'>\n\t\t\t\t<i class='fas fa-folder-open'><\/i><a class=\"uncategorized\" href=\"https:\/\/www.eecmr.com\/en\/category\/uncategorized\/\">Uncategorized<\/a>\t\t\t<\/span>\n            \t\t\t\t<\/div>\n\t\t\t\n\t\t\t\t\t\t\t<div class=\"tpg-excerpt tpg-el-excerpt\">\n\t\t\t\t\t\t\t\t\t\t\t<div class=\"tpg-excerpt-inner\">\n\t\t\t\t\t\t\tLes lampions se sont \u00e9teints au Temple de Mbouda Centre, au terme du 63e Synode g\u00e9n\u00e9ral ordinaire de l\u2019\u00c9glise \u00c9vang\u00e9lique du Cameroun (EEC) le 01er Mars 2026. Pendant quatre jours, la ville a v\u00e9cu au...\t\t\t\t\t\t<\/div>\n\t\t\t\t\t\t\t\t\t\t\t\t\t\t<\/div>\n\t\t\t\n\t\t\t        <div class=\"post-footer\">\n            <div class=\"post-footer\">\n                <div class=\"read-more\">\n                    <a data-id=\"1363\" href=\"https:\/\/www.eecmr.com\/en\/2026\/04\/08\/63e-synode-general-de-leec-a-mbouda-une-eglise-en-marche-entre-reformes-et-renouveau-missionnaire\/\" class=\"tpg-post-link\" target=\"_self\">Read More<\/a>                <\/div>\n            <\/div>\n        <\/div>\n        \t\t<\/div>\n\t<\/div>\n<\/div>\n\n<div class=\"rt-col-md-4 rt-col-sm-6 rt-col-xs-12 default rt-grid-item\" data-id=\"1359\">\n\t<div class=\"rt-holder tpg-post-holder\">\n\t\t<div class=\"rt-detail rt-el-content-wrapper\">\n\t\t\t\t\t\t\t<div class=\"rt-img-holder tpg-el-image-wrap has-no-thumbnail\">\n\t\t\t\t\t<a data-id=\"1359\" href=\"https:\/\/www.eecmr.com\/en\/2026\/04\/07\/construction-du-nouvel-immeuble-siege-de-leec-un-elan-de-foi-et-dunite-au-centenaire\/\" class=\"tpg-post-link\" target=\"_self\">        \n        <\/a>\n                <div class=\"overlay grid-hover-content\"><\/div>\n        \t\t\t\t<\/div>\n\t\t\t\n\t\t\t<div class=\"entry-title-wrapper\">        <div class=\"tpg-separate-category style1 top_left cat-above-title\">\n\t\t\t<span class='categories-links'>\n\t\t\t\n            <a class=\"uncategorized\" href=\"https:\/\/www.eecmr.com\/en\/category\/uncategorized\/\">Uncategorized<\/a>\t\t\t<\/span>\n        <\/div>\n        <h3 class=\"entry-title\"><a data-id=\"1359\" href=\"https:\/\/www.eecmr.com\/en\/2026\/04\/07\/construction-du-nouvel-immeuble-siege-de-leec-un-elan-de-foi-et-dunite-au-centenaire\/\" class=\"tpg-post-link\" target=\"_self\">Construction du nouvel immeuble si\u00e8ge de l\u2019EEC : un \u00e9lan de foi et d\u2019unit\u00e9 au Centenaire<\/a><\/h3><\/div>\n\t\t\t\t\t\t\t<div class=\"post-meta-tags rt-el-post-meta\">\n\t\t\t\t\t            <span class='author'>\n\n\t\t\t\t<i class='fa fa-user'><\/i><span class='author-prefix'>By<\/span><a href=\"https:\/\/www.eecmr.com\/en\/author\/alex\/\">ALEX<\/a>\t\t\t<\/span>\n                        <span class='date'>\n\t\t\t\t<i class='far fa-calendar-alt'><\/i>                                    <a href=\"https:\/\/www.eecmr.com\/en\/2026\/04\/07\/\">\n\t\t\t\t\tApril 7, 2026\t\t\t\t<\/a>\n                \t\t\t<\/span>\n                        <span class='categories-links'>\n\t\t\t\t<i class='fas fa-folder-open'><\/i><a class=\"uncategorized\" href=\"https:\/\/www.eecmr.com\/en\/category\/uncategorized\/\">Uncategorized<\/a>\t\t\t<\/span>\n            \t\t\t\t<\/div>\n\t\t\t\n\t\t\t\t\t\t\t<div class=\"tpg-excerpt tpg-el-excerpt\">\n\t\t\t\t\t\t\t\t\t\t\t<div class=\"tpg-excerpt-inner\">\n\t\t\t\t\t\t\tLa mythique paroisse du Centenaire a servi de cadre, le samedi 28 mars 2026, au lancement solennel du culte d\u2019appel de fonds pour la construction du nouvel immeuble si\u00e8ge de l\u2019\u00c9glise \u00c9vang\u00e9lique du...\t\t\t\t\t\t<\/div>\n\t\t\t\t\t\t\t\t\t\t\t\t\t\t<\/div>\n\t\t\t\n\t\t\t        <div class=\"post-footer\">\n            <div class=\"post-footer\">\n                <div class=\"read-more\">\n                    <a data-id=\"1359\" href=\"https:\/\/www.eecmr.com\/en\/2026\/04\/07\/construction-du-nouvel-immeuble-siege-de-leec-un-elan-de-foi-et-dunite-au-centenaire\/\" class=\"tpg-post-link\" target=\"_self\">Read More<\/a>                <\/div>\n            <\/div>\n        <\/div>\n        \t\t<\/div>\n\t<\/div>\n<\/div>\n\t\t\t<\/div>\n\t\t\t\n\t\t<\/div>\n\t\t\t\t\t\t<\/div>\n\t\t\t\t<\/div>\n\t\t\t\t\t<\/div>\n\t\t\t\t<\/div>\n\t\t<div class=\"elementor-element elementor-element-c39d10f e-flex e-con-boxed e-con e-parent\" data-id=\"c39d10f\" data-element_type=\"container\" data-settings=\"{&quot;background_background&quot;:&quot;classic&quot;}\">\n\t\t\t\t\t<div class=\"e-con-inner\">\n\t\t<div class=\"elementor-element elementor-element-ff7cda0 e-flex e-con-boxed e-con e-child\" data-id=\"ff7cda0\" data-element_type=\"container\">\n\t\t\t\t\t<div class=\"e-con-inner\">\n\t\t<div class=\"elementor-element elementor-element-4bb92ae e-con-full e-flex e-con e-child\" data-id=\"4bb92ae\" data-element_type=\"container\" data-settings=\"{&quot;background_background&quot;:&quot;classic&quot;}\">\n\t\t\t\t<\/div>\n\t\t<div class=\"elementor-element elementor-element-c53f94e e-con-full e-flex e-con e-child\" data-id=\"c53f94e\" data-element_type=\"container\" data-settings=\"{&quot;background_background&quot;:&quot;classic&quot;}\">\n\t\t\t\t<div class=\"elementor-element elementor-element-861ed41 elementor-widget__width-initial elementor-widget elementor-widget-heading\" data-id=\"861ed41\" data-element_type=\"widget\" data-widget_type=\"heading.default\">\n\t\t\t\t<div class=\"elementor-widget-container\">\n\t\t\t\t\t<h2 class=\"elementor-heading-title elementor-size-default\">Ne Manquez aucune de nos activit\u00e9s<\/h2>\t\t\t\t<\/div>\n\t\t\t\t<\/div>\n\t\t\t\t<\/div>\n\t\t<div class=\"elementor-element elementor-element-90d5488 e-flex e-con-boxed e-con e-child\" data-id=\"90d5488\" data-element_type=\"container\" data-settings=\"{&quot;background_background&quot;:&quot;classic&quot;}\">\n\t\t\t\t\t<div class=\"e-con-inner\">\n\t\t\t\t\t<\/div>\n\t\t\t\t<\/div>\n\t\t\t\t\t<\/div>\n\t\t\t\t<\/div>\n\t\t\t\t\t<\/div>\n\t\t\t\t<\/div>\n\t\t\t\t<\/div>","protected":false},"excerpt":{"rendered":"<p>BLOG Donation Le Chr\u00e9tien en Milieu Professionnel : \u00c9quilibrer Foi et Carri\u00e8re Byclyde10 f\u00e9vrier 27, 2024 Donation Senectus molestie ad gravida tempor est sapiente ullamco accumsan pede dolores commodo habitant debitis, quis. Facilisis dictum hic ornare repellat! Harum maxime cum. Eros, dicta eros! Pharetra&#8230; Read More Donation La Foi Chr\u00e9tienne : Fondements, Signification et Importance Byclyde10 f\u00e9vrier 27, 2024 Donation [&hellip;]<\/p>","protected":false},"author":1,"featured_media":0,"parent":0,"menu_order":0,"comment_status":"closed","ping_status":"closed","template":"elementor_header_footer","meta":{"footnotes":""},"class_list":["post-443","page","type-page","status-publish","hentry"],"rttpg_featured_image_url":null,"rttpg_author":{"display_name":"peguy10","author_link":"https:\/\/www.eecmr.com\/en\/author\/peguy10\/"},"rttpg_comment":0,"rttpg_category":"","rttpg_excerpt":"BLOG Donation Le Chr\u00e9tien en Milieu Professionnel : \u00c9quilibrer Foi et Carri\u00e8re Byclyde10 f\u00e9vrier 27, 2024 Donation Senectus molestie ad gravida tempor est sapiente ullamco accumsan pede dolores commodo habitant debitis, quis. Facilisis dictum hic ornare repellat! Harum maxime cum. Eros, dicta eros! Pharetra&#8230; Read More Donation La Foi Chr\u00e9tienne : Fondements, Signification et Importance&hellip;","_links":{"self":[{"href":"https:\/\/www.eecmr.com\/en\/wp-json\/wp\/v2\/pages\/443","targetHints":{"allow":["GET"]}}],"collection":[{"href":"https:\/\/www.eecmr.com\/en\/wp-json\/wp\/v2\/pages"}],"about":[{"href":"https:\/\/www.eecmr.com\/en\/wp-json\/wp\/v2\/types\/page"}],"author":[{"embeddable":true,"href":"https:\/\/www.eecmr.com\/en\/wp-json\/wp\/v2\/users\/1"}],"replies":[{"embeddable":true,"href":"https:\/\/www.eecmr.com\/en\/wp-json\/wp\/v2\/comments?post=443"}],"version-history":[{"count":0,"href":"https:\/\/www.eecmr.com\/en\/wp-json\/wp\/v2\/pages\/443\/revisions"}],"wp:attachment":[{"href":"https:\/\/www.eecmr.com\/en\/wp-json\/wp\/v2\/media?parent=443"}],"curies":[{"name":"wp","href":"https:\/\/api.w.org\/{rel}","templated":true}]}}